{"id":203352,"date":"2026-09-02T11:57:42","date_gmt":"2026-09-02T09:57:42","guid":{"rendered":"https:\/\/kwp.at\/veranstaltungen\/product\/fuehrung-in-der-kunsthalle-wien-5\/"},"modified":"2026-09-02T12:09:48","modified_gmt":"2026-09-02T10:09:48","slug":"fuehrung-in-der-kunsthalle-wien-5","status":"publish","type":"product","link":"https:\/\/kwp.at\/veranstaltungen\/product\/fuehrung-in-der-kunsthalle-wien-5\/","title":{"rendered":"F\u00fchrung in der Kunsthalle Wien"},"excerpt":{"rendered":"<p><img loading=\"lazy\" decoding=\"async\" class=\"alignleft wp-image-203347 size-medium\" src=\"https:\/\/kwp.at\/veranstaltungen\/wp-content\/uploads\/sites\/3\/2026\/09\/Logo_Kunsthalle_Wien-300x38.jpg\" alt=\"\" width=\"300\" height=\"38\"\n\n<h3 srcset=\"https:\/\/kwp.at\/veranstaltungen\/wp-content\/uploads\/sites\/3\/2026\/09\/Logo_Kunsthalle_Wien-300x38.jpg 300w, https:\/\/kwp.at\/veranstaltungen\/wp-content\/uploads\/sites\/3\/2026\/09\/Logo_Kunsthalle_Wien-768x98.jpg 768w, https:\/\/kwp.at\/veranstaltungen\/wp-content\/uploads\/sites\/3\/2026\/09\/Logo_Kunsthalle_Wien-317x40.jpg 317w, https:\/\/kwp.at\/veranstaltungen\/wp-content\/uploads\/sites\/3\/2026\/09\/Logo_Kunsthalle_Wien-648x82.jpg 648w, https:\/\/kwp.at\/veranstaltungen\/wp-content\/uploads\/sites\/3\/2026\/09\/Logo_Kunsthalle_Wien-600x76.jpg 600w, https:\/\/kwp.at\/veranstaltungen\/wp-content\/uploads\/sites\/3\/2026\/09\/Logo_Kunsthalle_Wien.jpg 865w\" sizes=\"auto, (max-width: 300px) 100vw, 300px\" \/> Titel der Austellung folgt in K\u00fcrze<\/h3>\n<p>Die Ausstellung folgt immer einem bestimmten Motto: \u201e<em>Motto folgt in K\u00fcrze&#8230;<\/em>\u201c. Zudem bietet die Ausstellung viele Ankn\u00fcpfungspunkte f\u00fcr Workshops, Gespr\u00e4che, etc.\u00a0Anmeldeschluss f\u00fcr diesen Termin ist  Do., 14.01.2027.<\/p>\n<p> <i>Mit Ihrer Buchung akzeptieren Sie folgende <u>Teilnahmebedingungen: <\/u> <br \/> Im Eintrittspreis ist die F\u00fchrung, ein Workshop und eine kleine Jause mit Kaffee, Tee und Keksen inkludiert. Bei weniger als 10 Anmeldungen wird der Termin abgesagt, bezahlte Geb\u00fchren werden r\u00fcckerstattet. Bei Nichtteilnahme erfolgt keine R\u00fcckerstattung des Ticketpreises und kein Alternativtermin. Sie k\u00f6nnen nach der F\u00fchrung noch weiter im Museum verweilen, es ist Donnerstags ge\u00f6ffnet bis 20 Uhr. Im Zuge Ihres Besuches k\u00f6nnen Foto- und Videoaufnahmen gemacht werden. Kunsthalle Wien und die Pensionist:innenklubs sind berechtigt, das bei den Besuchen und Workshops entstehende Material f\u00fcr Marketing- und Archivierungszwecke zu <\/i><i>verwenden. Alle Angaben vorbehaltlich Irrt\u00fcmer und Druckfehler.\u00a0<\/i><\/p>\n","protected":false},"author":79,"comment_status":"closed","ping_status":"closed","template":"","meta":{"_acf_changed":false},"product_brand":[],"product_cat":[15],"product_tag":[],"class_list":["post-203352","product","type-product","status-publish","product_cat-uncategorized","first","instock","taxable","shipping-taxable","purchasable","product-type-event"],"acf":[],"yoast_head":"<!-- This site is optimized with the Yoast SEO plugin v28.2 - https:\/\/yoast.com\/product\/yoast-seo-wordpress\/ -->\n<title>F\u00fchrung in der Kunsthalle Wien - Veranstaltungen - H\u00e4user zum Leben und Pensionist*innenklubs<\/title>\n<meta name=\"robots\" content=\"index, follow, max-snippet:-1, max-image-preview:large, max-video-preview:-1\" \/>\n<link rel=\"canonical\" href=\"https:\/\/kwp.at\/veranstaltungen\/product\/fuehrung-in-der-kunsthalle-wien-5\/\" \/>\n<meta property=\"og:locale\" content=\"de_DE\" \/>\n<meta property=\"og:type\" content=\"article\" \/>\n<meta property=\"og:title\" content=\"F\u00fchrung in der Kunsthalle Wien - Veranstaltungen - H\u00e4user zum Leben und Pensionist*innenklubs\" \/>\n<meta property=\"og:url\" content=\"https:\/\/kwp.at\/veranstaltungen\/product\/fuehrung-in-der-kunsthalle-wien-5\/\" \/>\n<meta property=\"og:site_name\" content=\"Veranstaltungen - H\u00e4user zum Leben und Pensionist*innenklubs\" \/>\n<meta property=\"article:modified_time\" content=\"2026-09-02T10:09:48+00:00\" \/>\n<meta property=\"og:image\" content=\"https:\/\/kwp.at\/veranstaltungen\/wp-content\/uploads\/sites\/3\/2026\/09\/Logo_Kunsthalle_Wien.jpg\" \/>\n\t<meta property=\"og:image:width\" content=\"865\" \/>\n\t<meta property=\"og:image:height\" content=\"110\" \/>\n\t<meta property=\"og:image:type\" content=\"image\/jpeg\" \/>\n<meta name=\"twitter:card\" content=\"summary_large_image\" \/>\n<script type=\"application\/ld+json\" class=\"yoast-schema-graph\">{\"@context\":\"https:\\\/\\\/schema.org\",\"@graph\":[{\"@type\":\"WebPage\",\"@id\":\"https:\\\/\\\/kwp.at\\\/veranstaltungen\\\/product\\\/fuehrung-in-der-kunsthalle-wien-5\\\/\",\"url\":\"https:\\\/\\\/kwp.at\\\/veranstaltungen\\\/product\\\/fuehrung-in-der-kunsthalle-wien-5\\\/\",\"name\":\"F\u00fchrung in der Kunsthalle Wien - Veranstaltungen - H\u00e4user zum Leben und Pensionist*innenklubs\",\"isPartOf\":{\"@id\":\"https:\\\/\\\/kwp.at\\\/veranstaltungen\\\/#website\"},\"primaryImageOfPage\":{\"@id\":\"https:\\\/\\\/kwp.at\\\/veranstaltungen\\\/product\\\/fuehrung-in-der-kunsthalle-wien-5\\\/#primaryimage\"},\"image\":{\"@id\":\"https:\\\/\\\/kwp.at\\\/veranstaltungen\\\/product\\\/fuehrung-in-der-kunsthalle-wien-5\\\/#primaryimage\"},\"thumbnailUrl\":\"https:\\\/\\\/kwp.at\\\/veranstaltungen\\\/wp-content\\\/uploads\\\/sites\\\/3\\\/2026\\\/09\\\/Logo_Kunsthalle_Wien-300x38.jpg\",\"datePublished\":\"2026-09-02T09:57:42+00:00\",\"dateModified\":\"2026-09-02T10:09:48+00:00\",\"breadcrumb\":{\"@id\":\"https:\\\/\\\/kwp.at\\\/veranstaltungen\\\/product\\\/fuehrung-in-der-kunsthalle-wien-5\\\/#breadcrumb\"},\"inLanguage\":\"de\",\"potentialAction\":[{\"@type\":\"ReadAction\",\"target\":[\"https:\\\/\\\/kwp.at\\\/veranstaltungen\\\/product\\\/fuehrung-in-der-kunsthalle-wien-5\\\/\"]}]},{\"@type\":\"ImageObject\",\"inLanguage\":\"de\",\"@id\":\"https:\\\/\\\/kwp.at\\\/veranstaltungen\\\/product\\\/fuehrung-in-der-kunsthalle-wien-5\\\/#primaryimage\",\"url\":\"https:\\\/\\\/kwp.at\\\/veranstaltungen\\\/wp-content\\\/uploads\\\/sites\\\/3\\\/2026\\\/09\\\/Logo_Kunsthalle_Wien.jpg\",\"contentUrl\":\"https:\\\/\\\/kwp.at\\\/veranstaltungen\\\/wp-content\\\/uploads\\\/sites\\\/3\\\/2026\\\/09\\\/Logo_Kunsthalle_Wien.jpg\",\"width\":865,\"height\":110},{\"@type\":\"BreadcrumbList\",\"@id\":\"https:\\\/\\\/kwp.at\\\/veranstaltungen\\\/product\\\/fuehrung-in-der-kunsthalle-wien-5\\\/#breadcrumb\",\"itemListElement\":[{\"@type\":\"ListItem\",\"position\":1,\"name\":\"Home\",\"item\":\"https:\\\/\\\/kwp.at\\\/veranstaltungen\\\/\"},{\"@type\":\"ListItem\",\"position\":2,\"name\":\"Shop\",\"item\":\"https:\\\/\\\/kwp.at\\\/veranstaltungen\\\/\"},{\"@type\":\"ListItem\",\"position\":3,\"name\":\"F\u00fchrung in der Kunsthalle Wien\"}]},{\"@type\":\"WebSite\",\"@id\":\"https:\\\/\\\/kwp.at\\\/veranstaltungen\\\/#website\",\"url\":\"https:\\\/\\\/kwp.at\\\/veranstaltungen\\\/\",\"name\":\"Veranstaltungen - H\u00e4user zum Leben und Pensionist*innenklubs\",\"description\":\"Unsere Angebote der H\u00e4user und Klubs\",\"potentialAction\":[{\"@type\":\"SearchAction\",\"target\":{\"@type\":\"EntryPoint\",\"urlTemplate\":\"https:\\\/\\\/kwp.at\\\/veranstaltungen\\\/?s={search_term_string}\"},\"query-input\":{\"@type\":\"PropertyValueSpecification\",\"valueRequired\":true,\"valueName\":\"search_term_string\"}}],\"inLanguage\":\"de\"}]}<\/script>\n<!-- \/ Yoast SEO plugin. -->","yoast_head_json":{"title":"F\u00fchrung in der Kunsthalle Wien - Veranstaltungen - H\u00e4user zum Leben und Pensionist*innenklubs","robots":{"index":"index","follow":"follow","max-snippet":"max-snippet:-1","max-image-preview":"max-image-preview:large","max-video-preview":"max-video-preview:-1"},"canonical":"https:\/\/kwp.at\/veranstaltungen\/product\/fuehrung-in-der-kunsthalle-wien-5\/","og_locale":"de_DE","og_type":"article","og_title":"F\u00fchrung in der Kunsthalle Wien - Veranstaltungen - H\u00e4user zum Leben und Pensionist*innenklubs","og_url":"https:\/\/kwp.at\/veranstaltungen\/product\/fuehrung-in-der-kunsthalle-wien-5\/","og_site_name":"Veranstaltungen - H\u00e4user zum Leben und Pensionist*innenklubs","article_modified_time":"2026-09-02T10:09:48+00:00","og_image":[{"width":865,"height":110,"url":"https:\/\/kwp.at\/veranstaltungen\/wp-content\/uploads\/sites\/3\/2026\/09\/Logo_Kunsthalle_Wien.jpg","type":"image\/jpeg"}],"twitter_card":"summary_large_image","schema":{"@context":"https:\/\/schema.org","@graph":[{"@type":"WebPage","@id":"https:\/\/kwp.at\/veranstaltungen\/product\/fuehrung-in-der-kunsthalle-wien-5\/","url":"https:\/\/kwp.at\/veranstaltungen\/product\/fuehrung-in-der-kunsthalle-wien-5\/","name":"F\u00fchrung in der Kunsthalle Wien - Veranstaltungen - H\u00e4user zum Leben und Pensionist*innenklubs","isPartOf":{"@id":"https:\/\/kwp.at\/veranstaltungen\/#website"},"primaryImageOfPage":{"@id":"https:\/\/kwp.at\/veranstaltungen\/product\/fuehrung-in-der-kunsthalle-wien-5\/#primaryimage"},"image":{"@id":"https:\/\/kwp.at\/veranstaltungen\/product\/fuehrung-in-der-kunsthalle-wien-5\/#primaryimage"},"thumbnailUrl":"https:\/\/kwp.at\/veranstaltungen\/wp-content\/uploads\/sites\/3\/2026\/09\/Logo_Kunsthalle_Wien-300x38.jpg","datePublished":"2026-09-02T09:57:42+00:00","dateModified":"2026-09-02T10:09:48+00:00","breadcrumb":{"@id":"https:\/\/kwp.at\/veranstaltungen\/product\/fuehrung-in-der-kunsthalle-wien-5\/#breadcrumb"},"inLanguage":"de","potentialAction":[{"@type":"ReadAction","target":["https:\/\/kwp.at\/veranstaltungen\/product\/fuehrung-in-der-kunsthalle-wien-5\/"]}]},{"@type":"ImageObject","inLanguage":"de","@id":"https:\/\/kwp.at\/veranstaltungen\/product\/fuehrung-in-der-kunsthalle-wien-5\/#primaryimage","url":"https:\/\/kwp.at\/veranstaltungen\/wp-content\/uploads\/sites\/3\/2026\/09\/Logo_Kunsthalle_Wien.jpg","contentUrl":"https:\/\/kwp.at\/veranstaltungen\/wp-content\/uploads\/sites\/3\/2026\/09\/Logo_Kunsthalle_Wien.jpg","width":865,"height":110},{"@type":"BreadcrumbList","@id":"https:\/\/kwp.at\/veranstaltungen\/product\/fuehrung-in-der-kunsthalle-wien-5\/#breadcrumb","itemListElement":[{"@type":"ListItem","position":1,"name":"Home","item":"https:\/\/kwp.at\/veranstaltungen\/"},{"@type":"ListItem","position":2,"name":"Shop","item":"https:\/\/kwp.at\/veranstaltungen\/"},{"@type":"ListItem","position":3,"name":"F\u00fchrung in der Kunsthalle Wien"}]},{"@type":"WebSite","@id":"https:\/\/kwp.at\/veranstaltungen\/#website","url":"https:\/\/kwp.at\/veranstaltungen\/","name":"Veranstaltungen - H\u00e4user zum Leben und Pensionist*innenklubs","description":"Unsere Angebote der H\u00e4user und Klubs","potentialAction":[{"@type":"SearchAction","target":{"@type":"EntryPoint","urlTemplate":"https:\/\/kwp.at\/veranstaltungen\/?s={search_term_string}"},"query-input":{"@type":"PropertyValueSpecification","valueRequired":true,"valueName":"search_term_string"}}],"inLanguage":"de"}]}},"_links":{"self":[{"href":"https:\/\/kwp.at\/veranstaltungen\/wp-json\/wp\/v2\/product\/203352","targetHints":{"allow":["GET"]}}],"collection":[{"href":"https:\/\/kwp.at\/veranstaltungen\/wp-json\/wp\/v2\/product"}],"about":[{"href":"https:\/\/kwp.at\/veranstaltungen\/wp-json\/wp\/v2\/types\/product"}],"author":[{"embeddable":true,"href":"https:\/\/kwp.at\/veranstaltungen\/wp-json\/wp\/v2\/users\/79"}],"replies":[{"embeddable":true,"href":"https:\/\/kwp.at\/veranstaltungen\/wp-json\/wp\/v2\/comments?post=203352"}],"wp:attachment":[{"href":"https:\/\/kwp.at\/veranstaltungen\/wp-json\/wp\/v2\/media?parent=203352"}],"wp:term":[{"taxonomy":"product_brand","embeddable":true,"href":"https:\/\/kwp.at\/veranstaltungen\/wp-json\/wp\/v2\/product_brand?post=203352"},{"taxonomy":"product_cat","embeddable":true,"href":"https:\/\/kwp.at\/veranstaltungen\/wp-json\/wp\/v2\/product_cat?post=203352"},{"taxonomy":"product_tag","embeddable":true,"href":"https:\/\/kwp.at\/veranstaltungen\/wp-json\/wp\/v2\/product_tag?post=203352"}],"curies":[{"name":"wp","href":"https:\/\/api.w.org\/{rel}","templated":true}]}}