{"id":168658,"date":"2026-02-26T11:28:23","date_gmt":"2026-02-26T10:28:23","guid":{"rendered":"https:\/\/kwp.at\/veranstaltungen\/product\/zu-besuch-bei-gustav-klimt-zeitreise-in-sein-letztes-atelier-3\/"},"modified":"2026-04-16T13:01:14","modified_gmt":"2026-04-16T11:01:14","slug":"zu-besuch-bei-gustav-klimt-zeitreise-in-sein-letztes-atelier-3","status":"publish","type":"product","link":"https:\/\/kwp.at\/veranstaltungen\/product\/zu-besuch-bei-gustav-klimt-zeitreise-in-sein-letztes-atelier-3\/","title":{"rendered":"Zu Besuch bei Gustav Klimt: Zeitreise in sein letztes Atelier"},"excerpt":{"rendered":"<h3><img loading=\"lazy\" decoding=\"async\" class=\"alignleft wp-image-168246 size-medium\" src=\"https:\/\/kwp.at\/veranstaltungen\/wp-content\/uploads\/sites\/3\/2026\/02\/Logo_Klimt-Villa-262x300.jpg\" alt=\"\" width=\"262\" height=\"300\" srcset=\"https:\/\/kwp.at\/veranstaltungen\/wp-content\/uploads\/sites\/3\/2026\/02\/Logo_Klimt-Villa-262x300.jpg 262w, https:\/\/kwp.at\/veranstaltungen\/wp-content\/uploads\/sites\/3\/2026\/02\/Logo_Klimt-Villa-276x317.jpg 276w, https:\/\/kwp.at\/veranstaltungen\/wp-content\/uploads\/sites\/3\/2026\/02\/Logo_Klimt-Villa.jpg 416w\" sizes=\"auto, (max-width: 262px) 100vw, 262px\" \/>Exklusivf\u00fchrung durch die Klimt Villa,<\/h3>\n<p>&#8230; der aktuellen Ausstellung, Salon und Garten. Dauer der F\u00fchrung ca. 1 Std.\u00a0<em>Danach Ausklang im Salon oder bei Sch\u00f6nwetter im Klimt-Garten bei einem Glas Sekt oder Saft und Canap\u00e9s.<\/em> Die G\u00e4ste k\u00f6nnen nach Veranstaltungsende die Ausstellung auf eigene Faust intensiver erkunden und\/oder weiter im Klimt-Garten verweilen. Dieses Angebot gilt nur f\u00fcr Mitglieder der Pensionist*innenklubs f\u00fcr die Stadt Wien. Hier k\u00f6nnen sich Wiener Senior*innen daf\u00fcr kostenlos registrieren: <a href=\"https:\/\/mitgliedschaft.pensionistenklubs.at\/\" target=\"_blank\" rel=\"noopener\">Pensionistenklubs Mitgliedschaft<\/a><\/p>\n<p>Die F\u00fchrung gibt es in zwei-w\u00f6chentlichen Abst\u00e4nden auch in der <strong>Variante mit\u00a0<\/strong><b>Kaffee oder Tee und Klimt-Gugelhupf mit Schlagobers<\/b>. Auch die Themen der F\u00fchrungen wechseln sich ab. Ein Wiederkommen lohnt sich also! <em>Vielleicht kommt auch ein Klimt-naher \u00dcberraschungs-Gast dazu?!<\/em><\/p>\n<p>Die Klimt Villa, alle Ausstellungsr\u00e4ume und der Garten sind barrierefrei. Bei schnell ausgebuchten Terminen kann ein zweiter Termin am selben Tag ge\u00f6ffnet werden. Informieren Sie sich hier bitte rechtzeitig dar\u00fcber. Im Stornofall kann leider keine R\u00fcckerstattung erfolgen. Mit Ihrer Buchung k\u00f6nnen Sie den Besuch aber zu einem anderen, gleichartigen Klub-Termin nachholen.<\/p>\n","protected":false},"author":79,"comment_status":"closed","ping_status":"closed","template":"","meta":{"_acf_changed":false},"product_brand":[],"product_cat":[15],"product_tag":[],"class_list":{"0":"post-168658","1":"product","2":"type-product","3":"status-publish","5":"product_cat-uncategorized","7":"first","8":"instock","9":"taxable","10":"shipping-taxable","11":"purchasable","12":"product-type-event"},"acf":[],"yoast_head":"<!-- This site is optimized with the Yoast SEO plugin v27.4 - https:\/\/yoast.com\/product\/yoast-seo-wordpress\/ -->\n<title>Zu Besuch bei Gustav Klimt: Zeitreise in sein letztes Atelier - Veranstaltungen - H\u00e4user zum Leben und Pensionist*innenklubs<\/title>\n<meta name=\"robots\" content=\"index, follow, max-snippet:-1, max-image-preview:large, max-video-preview:-1\" \/>\n<link rel=\"canonical\" href=\"https:\/\/kwp.at\/veranstaltungen\/product\/zu-besuch-bei-gustav-klimt-zeitreise-in-sein-letztes-atelier-3\/\" \/>\n<meta property=\"og:locale\" content=\"de_DE\" \/>\n<meta property=\"og:type\" content=\"article\" \/>\n<meta property=\"og:title\" content=\"Zu Besuch bei Gustav Klimt: Zeitreise in sein letztes Atelier - Veranstaltungen - H\u00e4user zum Leben und Pensionist*innenklubs\" \/>\n<meta property=\"og:description\" content=\"Exklusivf\u00fchrung durch die Klimt Villa, ... der aktuellen Ausstellung, Salon und Garten. Dauer der F\u00fchrung ca. 1 Std.\u00a0Danach Ausklang im Salon oder bei Sch\u00f6nwetter im Klimt-Garten bei einem Glas Sekt oder Saft und Canap\u00e9s. Die G\u00e4ste k\u00f6nnen nach Veranstaltungsende die Ausstellung auf eigene Faust intensiver erkunden und\/oder weiter im Klimt-Garten verweilen. Dieses Angebot gilt nur f\u00fcr Mitglieder der Pensionist*innenklubs f\u00fcr die Stadt Wien. Hier k\u00f6nnen sich Wiener Senior*innen daf\u00fcr kostenlos registrieren: Pensionistenklubs Mitgliedschaft Die F\u00fchrung gibt es in zwei-w\u00f6chentlichen Abst\u00e4nden auch in der Variante mit\u00a0Kaffee oder Tee und Klimt-Gugelhupf mit Schlagobers. Auch die Themen der F\u00fchrungen wechseln sich ab. Ein Wiederkommen lohnt sich also! Vielleicht kommt auch ein Klimt-naher \u00dcberraschungs-Gast dazu?! Die Klimt Villa, alle Ausstellungsr\u00e4ume und der Garten sind barrierefrei. Bei schnell ausgebuchten Terminen kann ein zweiter Termin am selben Tag ge\u00f6ffnet werden. Informieren Sie sich hier bitte rechtzeitig dar\u00fcber. Im Stornofall kann leider keine R\u00fcckerstattung erfolgen. Mit Ihrer Buchung k\u00f6nnen Sie den Besuch aber zu einem anderen, gleichartigen Klub-Termin nachholen.\" \/>\n<meta property=\"og:url\" content=\"https:\/\/kwp.at\/veranstaltungen\/product\/zu-besuch-bei-gustav-klimt-zeitreise-in-sein-letztes-atelier-3\/\" \/>\n<meta property=\"og:site_name\" content=\"Veranstaltungen - H\u00e4user zum Leben und Pensionist*innenklubs\" \/>\n<meta property=\"article:modified_time\" content=\"2026-04-16T11:01:14+00:00\" \/>\n<meta property=\"og:image\" content=\"https:\/\/kwp.at\/veranstaltungen\/wp-content\/uploads\/sites\/3\/2026\/02\/Logo_Klimt-Villa.jpg\" \/>\n\t<meta property=\"og:image:width\" content=\"416\" \/>\n\t<meta property=\"og:image:height\" content=\"477\" \/>\n\t<meta property=\"og:image:type\" content=\"image\/jpeg\" \/>\n<meta name=\"twitter:card\" content=\"summary_large_image\" \/>\n<script type=\"application\/ld+json\" class=\"yoast-schema-graph\">{\"@context\":\"https:\\\/\\\/schema.org\",\"@graph\":[{\"@type\":\"WebPage\",\"@id\":\"https:\\\/\\\/kwp.at\\\/veranstaltungen\\\/product\\\/zu-besuch-bei-gustav-klimt-zeitreise-in-sein-letztes-atelier-3\\\/\",\"url\":\"https:\\\/\\\/kwp.at\\\/veranstaltungen\\\/product\\\/zu-besuch-bei-gustav-klimt-zeitreise-in-sein-letztes-atelier-3\\\/\",\"name\":\"Zu Besuch bei Gustav Klimt: Zeitreise in sein letztes Atelier - Veranstaltungen - H\u00e4user zum Leben und Pensionist*innenklubs\",\"isPartOf\":{\"@id\":\"https:\\\/\\\/kwp.at\\\/veranstaltungen\\\/#website\"},\"primaryImageOfPage\":{\"@id\":\"https:\\\/\\\/kwp.at\\\/veranstaltungen\\\/product\\\/zu-besuch-bei-gustav-klimt-zeitreise-in-sein-letztes-atelier-3\\\/#primaryimage\"},\"image\":{\"@id\":\"https:\\\/\\\/kwp.at\\\/veranstaltungen\\\/product\\\/zu-besuch-bei-gustav-klimt-zeitreise-in-sein-letztes-atelier-3\\\/#primaryimage\"},\"thumbnailUrl\":\"https:\\\/\\\/kwp.at\\\/veranstaltungen\\\/wp-content\\\/uploads\\\/sites\\\/3\\\/2026\\\/02\\\/Logo_Klimt-Villa-262x300.jpg\",\"datePublished\":\"2026-02-26T10:28:23+00:00\",\"dateModified\":\"2026-04-16T11:01:14+00:00\",\"breadcrumb\":{\"@id\":\"https:\\\/\\\/kwp.at\\\/veranstaltungen\\\/product\\\/zu-besuch-bei-gustav-klimt-zeitreise-in-sein-letztes-atelier-3\\\/#breadcrumb\"},\"inLanguage\":\"de\",\"potentialAction\":[{\"@type\":\"ReadAction\",\"target\":[\"https:\\\/\\\/kwp.at\\\/veranstaltungen\\\/product\\\/zu-besuch-bei-gustav-klimt-zeitreise-in-sein-letztes-atelier-3\\\/\"]}]},{\"@type\":\"ImageObject\",\"inLanguage\":\"de\",\"@id\":\"https:\\\/\\\/kwp.at\\\/veranstaltungen\\\/product\\\/zu-besuch-bei-gustav-klimt-zeitreise-in-sein-letztes-atelier-3\\\/#primaryimage\",\"url\":\"https:\\\/\\\/kwp.at\\\/veranstaltungen\\\/wp-content\\\/uploads\\\/sites\\\/3\\\/2026\\\/02\\\/Logo_Klimt-Villa.jpg\",\"contentUrl\":\"https:\\\/\\\/kwp.at\\\/veranstaltungen\\\/wp-content\\\/uploads\\\/sites\\\/3\\\/2026\\\/02\\\/Logo_Klimt-Villa.jpg\",\"width\":416,\"height\":477},{\"@type\":\"BreadcrumbList\",\"@id\":\"https:\\\/\\\/kwp.at\\\/veranstaltungen\\\/product\\\/zu-besuch-bei-gustav-klimt-zeitreise-in-sein-letztes-atelier-3\\\/#breadcrumb\",\"itemListElement\":[{\"@type\":\"ListItem\",\"position\":1,\"name\":\"Home\",\"item\":\"https:\\\/\\\/kwp.at\\\/veranstaltungen\\\/\"},{\"@type\":\"ListItem\",\"position\":2,\"name\":\"Shop\",\"item\":\"https:\\\/\\\/kwp.at\\\/veranstaltungen\\\/\"},{\"@type\":\"ListItem\",\"position\":3,\"name\":\"Zu Besuch bei Gustav Klimt: Zeitreise in sein letztes Atelier\"}]},{\"@type\":\"WebSite\",\"@id\":\"https:\\\/\\\/kwp.at\\\/veranstaltungen\\\/#website\",\"url\":\"https:\\\/\\\/kwp.at\\\/veranstaltungen\\\/\",\"name\":\"Veranstaltungen - H\u00e4user zum Leben und Pensionist*innenklubs\",\"description\":\"Unsere Angebote der H\u00e4user und Klubs\",\"potentialAction\":[{\"@type\":\"SearchAction\",\"target\":{\"@type\":\"EntryPoint\",\"urlTemplate\":\"https:\\\/\\\/kwp.at\\\/veranstaltungen\\\/?s={search_term_string}\"},\"query-input\":{\"@type\":\"PropertyValueSpecification\",\"valueRequired\":true,\"valueName\":\"search_term_string\"}}],\"inLanguage\":\"de\"}]}<\/script>\n<!-- \/ Yoast SEO plugin. -->","yoast_head_json":{"title":"Zu Besuch bei Gustav Klimt: Zeitreise in sein letztes Atelier - Veranstaltungen - H\u00e4user zum Leben und Pensionist*innenklubs","robots":{"index":"index","follow":"follow","max-snippet":"max-snippet:-1","max-image-preview":"max-image-preview:large","max-video-preview":"max-video-preview:-1"},"canonical":"https:\/\/kwp.at\/veranstaltungen\/product\/zu-besuch-bei-gustav-klimt-zeitreise-in-sein-letztes-atelier-3\/","og_locale":"de_DE","og_type":"article","og_title":"Zu Besuch bei Gustav Klimt: Zeitreise in sein letztes Atelier - Veranstaltungen - H\u00e4user zum Leben und Pensionist*innenklubs","og_description":"Exklusivf\u00fchrung durch die Klimt Villa, ... der aktuellen Ausstellung, Salon und Garten. Dauer der F\u00fchrung ca. 1 Std.\u00a0Danach Ausklang im Salon oder bei Sch\u00f6nwetter im Klimt-Garten bei einem Glas Sekt oder Saft und Canap\u00e9s. Die G\u00e4ste k\u00f6nnen nach Veranstaltungsende die Ausstellung auf eigene Faust intensiver erkunden und\/oder weiter im Klimt-Garten verweilen. Dieses Angebot gilt nur f\u00fcr Mitglieder der Pensionist*innenklubs f\u00fcr die Stadt Wien. Hier k\u00f6nnen sich Wiener Senior*innen daf\u00fcr kostenlos registrieren: Pensionistenklubs Mitgliedschaft Die F\u00fchrung gibt es in zwei-w\u00f6chentlichen Abst\u00e4nden auch in der Variante mit\u00a0Kaffee oder Tee und Klimt-Gugelhupf mit Schlagobers. Auch die Themen der F\u00fchrungen wechseln sich ab. Ein Wiederkommen lohnt sich also! Vielleicht kommt auch ein Klimt-naher \u00dcberraschungs-Gast dazu?! Die Klimt Villa, alle Ausstellungsr\u00e4ume und der Garten sind barrierefrei. Bei schnell ausgebuchten Terminen kann ein zweiter Termin am selben Tag ge\u00f6ffnet werden. Informieren Sie sich hier bitte rechtzeitig dar\u00fcber. Im Stornofall kann leider keine R\u00fcckerstattung erfolgen. Mit Ihrer Buchung k\u00f6nnen Sie den Besuch aber zu einem anderen, gleichartigen Klub-Termin nachholen.","og_url":"https:\/\/kwp.at\/veranstaltungen\/product\/zu-besuch-bei-gustav-klimt-zeitreise-in-sein-letztes-atelier-3\/","og_site_name":"Veranstaltungen - H\u00e4user zum Leben und Pensionist*innenklubs","article_modified_time":"2026-04-16T11:01:14+00:00","og_image":[{"width":416,"height":477,"url":"https:\/\/kwp.at\/veranstaltungen\/wp-content\/uploads\/sites\/3\/2026\/02\/Logo_Klimt-Villa.jpg","type":"image\/jpeg"}],"twitter_card":"summary_large_image","schema":{"@context":"https:\/\/schema.org","@graph":[{"@type":"WebPage","@id":"https:\/\/kwp.at\/veranstaltungen\/product\/zu-besuch-bei-gustav-klimt-zeitreise-in-sein-letztes-atelier-3\/","url":"https:\/\/kwp.at\/veranstaltungen\/product\/zu-besuch-bei-gustav-klimt-zeitreise-in-sein-letztes-atelier-3\/","name":"Zu Besuch bei Gustav Klimt: Zeitreise in sein letztes Atelier - Veranstaltungen - H\u00e4user zum Leben und Pensionist*innenklubs","isPartOf":{"@id":"https:\/\/kwp.at\/veranstaltungen\/#website"},"primaryImageOfPage":{"@id":"https:\/\/kwp.at\/veranstaltungen\/product\/zu-besuch-bei-gustav-klimt-zeitreise-in-sein-letztes-atelier-3\/#primaryimage"},"image":{"@id":"https:\/\/kwp.at\/veranstaltungen\/product\/zu-besuch-bei-gustav-klimt-zeitreise-in-sein-letztes-atelier-3\/#primaryimage"},"thumbnailUrl":"https:\/\/kwp.at\/veranstaltungen\/wp-content\/uploads\/sites\/3\/2026\/02\/Logo_Klimt-Villa-262x300.jpg","datePublished":"2026-02-26T10:28:23+00:00","dateModified":"2026-04-16T11:01:14+00:00","breadcrumb":{"@id":"https:\/\/kwp.at\/veranstaltungen\/product\/zu-besuch-bei-gustav-klimt-zeitreise-in-sein-letztes-atelier-3\/#breadcrumb"},"inLanguage":"de","potentialAction":[{"@type":"ReadAction","target":["https:\/\/kwp.at\/veranstaltungen\/product\/zu-besuch-bei-gustav-klimt-zeitreise-in-sein-letztes-atelier-3\/"]}]},{"@type":"ImageObject","inLanguage":"de","@id":"https:\/\/kwp.at\/veranstaltungen\/product\/zu-besuch-bei-gustav-klimt-zeitreise-in-sein-letztes-atelier-3\/#primaryimage","url":"https:\/\/kwp.at\/veranstaltungen\/wp-content\/uploads\/sites\/3\/2026\/02\/Logo_Klimt-Villa.jpg","contentUrl":"https:\/\/kwp.at\/veranstaltungen\/wp-content\/uploads\/sites\/3\/2026\/02\/Logo_Klimt-Villa.jpg","width":416,"height":477},{"@type":"BreadcrumbList","@id":"https:\/\/kwp.at\/veranstaltungen\/product\/zu-besuch-bei-gustav-klimt-zeitreise-in-sein-letztes-atelier-3\/#breadcrumb","itemListElement":[{"@type":"ListItem","position":1,"name":"Home","item":"https:\/\/kwp.at\/veranstaltungen\/"},{"@type":"ListItem","position":2,"name":"Shop","item":"https:\/\/kwp.at\/veranstaltungen\/"},{"@type":"ListItem","position":3,"name":"Zu Besuch bei Gustav Klimt: Zeitreise in sein letztes Atelier"}]},{"@type":"WebSite","@id":"https:\/\/kwp.at\/veranstaltungen\/#website","url":"https:\/\/kwp.at\/veranstaltungen\/","name":"Veranstaltungen - H\u00e4user zum Leben und Pensionist*innenklubs","description":"Unsere Angebote der H\u00e4user und Klubs","potentialAction":[{"@type":"SearchAction","target":{"@type":"EntryPoint","urlTemplate":"https:\/\/kwp.at\/veranstaltungen\/?s={search_term_string}"},"query-input":{"@type":"PropertyValueSpecification","valueRequired":true,"valueName":"search_term_string"}}],"inLanguage":"de"}]}},"_links":{"self":[{"href":"https:\/\/kwp.at\/veranstaltungen\/wp-json\/wp\/v2\/product\/168658","targetHints":{"allow":["GET"]}}],"collection":[{"href":"https:\/\/kwp.at\/veranstaltungen\/wp-json\/wp\/v2\/product"}],"about":[{"href":"https:\/\/kwp.at\/veranstaltungen\/wp-json\/wp\/v2\/types\/product"}],"author":[{"embeddable":true,"href":"https:\/\/kwp.at\/veranstaltungen\/wp-json\/wp\/v2\/users\/79"}],"replies":[{"embeddable":true,"href":"https:\/\/kwp.at\/veranstaltungen\/wp-json\/wp\/v2\/comments?post=168658"}],"wp:attachment":[{"href":"https:\/\/kwp.at\/veranstaltungen\/wp-json\/wp\/v2\/media?parent=168658"}],"wp:term":[{"taxonomy":"product_brand","embeddable":true,"href":"https:\/\/kwp.at\/veranstaltungen\/wp-json\/wp\/v2\/product_brand?post=168658"},{"taxonomy":"product_cat","embeddable":true,"href":"https:\/\/kwp.at\/veranstaltungen\/wp-json\/wp\/v2\/product_cat?post=168658"},{"taxonomy":"product_tag","embeddable":true,"href":"https:\/\/kwp.at\/veranstaltungen\/wp-json\/wp\/v2\/product_tag?post=168658"}],"curies":[{"name":"wp","href":"https:\/\/api.w.org\/{rel}","templated":true}]}}