{"id":2872,"date":"2020-10-28T10:50:03","date_gmt":"2020-10-28T09:50:03","guid":{"rendered":"https:\/\/kwp.at\/pensionistenklubs\/?page_id=2872"},"modified":"2025-12-02T15:50:02","modified_gmt":"2025-12-02T14:50:02","slug":"datenschutz","status":"publish","type":"page","link":"https:\/\/kwp.at\/pensionistenklubs\/datenschutz\/","title":{"rendered":"Datenschutz"},"content":{"rendered":"\n<p>Es ist uns ein wichtiges Anliegen, personenbezogene Daten bei ihrer Erhebung, Verarbeitung und Nutzung zu sch\u00fctzen. Es werden alle Anstrengungen unternommen, die sichere Erfassung, \u00dcbermittlung und Speicherung personenbezogener Daten entsprechend zu gew\u00e4hrleisten.<\/p>\n\n\n\n<p>Auf diesen Seiten informieren wir Sie gem\u00e4\u00df Art 13 und 14 DSGVO \u00fcber die Verarbeitung Ihrer personenbezogenen Daten und die Rechte, die Ihnen als betroffener Person zustehen.<\/p>\n\n\n\n<div style=\"background-color: #008575\" class=\"wp-block-kwp-blocks-infobox\"><h3>Hier informieren wir Sie ausf\u00fchrlich dar\u00fcber,<\/h3><p>\n<ul class=\"wp-block-list\">\n<li>wer wir sind und wie Sie mit uns in Kontakt treten k\u00f6nnen;&nbsp;<\/li>\n\n\n\n<li>auf welche Zwecke sich diese Datenschutzinformation bezieht;<\/li>\n\n\n\n<li>welche Kategorien personenbezogener Daten wir verarbeiten;&nbsp;<\/li>\n\n\n\n<li>aus welchen Quellen wir Daten beziehen;&nbsp;<\/li>\n\n\n\n<li>zu welchen Zwecken wir personenbezogene Daten verarbeiten und&nbsp;<\/li>\n\n\n\n<li>auf welcher Rechtsgrundlage wir dies tun;<\/li>\n\n\n\n<li>an wen wir personenbezogene Daten \u00fcbermitteln;<\/li>\n\n\n\n<li>wie lange wir personenbezogene Daten speichern;<\/li>\n\n\n\n<li>welche Rechte Ihnen in Bezug auf die von uns verarbeiteten Daten betreffend Ihre Person zukommen.<\/li>\n<\/ul>\n<\/p><\/div>\n\n\n\n<p>Angaben zum Datenschutz auf unserer Website finden Sie in unserer <a href=\"https:\/\/kwp.at\/pensionistenklubs\/datenschutzerklarung-fur-websitebesucherinnen\/\">Datenschutzerkl\u00e4rung f\u00fcr Websitebesucher<\/a>.<\/p>\n\n\n\n<p>Verantwortlich f\u00fcr die Datenverwaltung ist:<\/p>\n\n\n\n<div style=\"background-color: #107da8\" class=\"wp-block-kwp-blocks-infobox\"><h3>Fonds Kuratorium Wiener Pensionisten-Wohnh\u00e4user \u2013 H\u00e4user zum Leben<\/h3><p>\n<ul class=\"wp-block-list\">\n<li>A-1090 Wien, Seegasse 9<\/li>\n\n\n\n<li>Telefon: +43 (0) 1 313 99 0<\/li>\n\n\n\n<li>Email:&nbsp;<a href=\"mailto:infocenter@kwp.at\">infocenter@kwp.at<\/a><\/li>\n\n\n\n<li>UID-Nr. ATU 37455703<\/li>\n<\/ul>\n\n\n\n<p>Die H\u00e4user zum Leben im&nbsp;<a href=\"http:\/\/www.gemeinderecht.wien.at\/recht\/gemeinderecht-wien\/fonds-stiftungen\/fonds\/pensionisten.html\" target=\"_blank\" rel=\"noreferrer noopener\"><strong>Wiener Stiftungs- und Fondsregister<\/strong><\/a>.<\/p>\n<\/p><\/div>\n\n\n\n<h4 class=\"wp-block-heading\" id=\"block-cca619df-87c9-4430-88c5-8c4e0f91e9a1\">Datenschutzbeauftragte:<\/h4>\n\n\n\n<p>c\/o Fonds Kuratorium Wiener Pensionisten-Wohnh\u00e4user \u2013 H\u00e4user zum Leben<br>A-1090 Wien, Seegasse 9<\/p>\n\n\n\n<p>E-Mail:&nbsp;<a href=\"mailto:datenschutz@kwp.at\">datenschutz@kwp.at<\/a><\/p>\n\n\n\n<h4 class=\"wp-block-heading\"><strong>Zwecke und Rechtsgrundlagen der Verarbeitung<\/strong><\/h4>\n\n\n\n<p>Die H\u00e4user zum Leben verwenden Ihre personenbezogenen Daten im Sinne der Datensparsamkeit ausschlie\u00dflich, um die gew\u00fcnschten Dienstleistungen erbringen zu k\u00f6nnen. Personenbezogene Daten werden nicht dazu verwendet, unerw\u00fcnschte Nachrichten oder Informationen zu versenden.<\/p>\n\n\n\n<p>Wir verarbeiten personenbezogenen Daten:<\/p>\n\n\n\n<ul class=\"wp-block-list\">\n<li>von Interessent*innen an unseren Einrichtungen aufgrund der Einwilligung, die sie uns in Form ihrer Anforderung von Informationsmaterial oder eines Angebots erteilt haben (Art 6 Abs 1 lit a DSGVO);<\/li>\n\n\n\n<li>von (zuk\u00fcnftigen) Bewohner*innen sowie gegebenenfalls deren Angeh\u00f6rigen, um vorvertragliche Ma\u00dfnahmen durchf\u00fchren zu k\u00f6nnen, die f\u00fcr etwaige Vorbereitungen f\u00fcr die Errichtung des Vertrages notwendig sind (Art 6 Abs 1 lit b DSGVO);<\/li>\n\n\n\n<li>unserer Bewohner*innen, um einerseits unsere vertraglichen Verpflichtungen erf\u00fcllen zu k\u00f6nnen (Art 6 Abs 1 lit b DSGVO), andererseits unseren verschiedenen rechtlichen Verpflichtungen nachzukommen, wie sie unter anderem aus dem Wiener Wohn- und Pflegeheimgesetz, dem Heimaufenthaltsgesetz, dem Bundespflegegeldgesetz und den Landespflegegeldgesetzen sowie der Bundesabgabenordnung hervorgehen (Art 6 Abs 1 lit c DSGVO);<\/li>\n\n\n\n<li>von Angeh\u00f6rigen, Vertrauenspersonen oder Kostentr\u00e4gern unserer Bewohner*innen, soweit wir sie zur Vertragserf\u00fcllung ben\u00f6tigen oder aufgrund rechtlicher Verpflichtungen f\u00fchren m\u00fcssen (Art 6 Abs 1 lit b, c DSGVO);<\/li>\n\n\n\n<li>die personenbezogenen Daten unserer Gesch\u00e4ftspartner*innen, soweit sie zur Erf\u00fcllung vertraglicher Verpflichtungen oder Einhaltung gesetzlicher Bestimmungen, wie sie sich insbesondere aus der Bundesabgabenordnung sowie anderen finanzrechtlichen Vorschriften ergeben, erforderlich sind (Art 6 Abs 1 lit b, c DSGVO);<\/li>\n\n\n\n<li>besondere Kategorien von Daten wie insbesondere Gesundheitsdaten aufgrund der Bestimmungen der Datenschutzgrundverordnung sowie der einschl\u00e4gigen Gesetze aus dem Gesundheits- und Sozialbereich (Art 9 Abs 2 lit a, b, c, g, h DSGVO).<\/li>\n<\/ul>\n\n\n\n<p>In einzelnen F\u00e4llen verarbeiten wir personenbezogene Daten au\u00dferdem auf der Grundlage unserer berechtigten Interessen (Art 6 Abs 1 lit f DSGVO), z.B. zur Geltendmachung oder Verteidigung unserer rechtlichen Anspr\u00fcche oder zur Wahrung unserer gesch\u00e4ftlichen und finanziellen Interessen.<\/p>\n\n\n\n<h4 class=\"wp-block-heading\"><strong>Verarbeitete Datenkategorien<\/strong><\/h4>\n\n\n\n<p>Zu Interessent*innen, Bewerber*innen oder Bewohner*innen werden Personenstammdaten wie Name, Adresse, Kontaktdaten, Sprache, Geburtsort und Geburtsdatum, Sozialversicherungsnummer etc. im jeweils notwendigen Ausma\u00df gespeichert und verarbeitet. &nbsp;Weiters k\u00f6nnen spezifische W\u00fcnsche, z.B. nach bestimmten Standorten oder Wohnungen, Einzugsdatum und Men\u00fcwahl gespeichert werden.<\/p>\n\n\n\n<p>Zu unseren Bewohner*innen erfassen wir auch Angaben zu Kosten, z.B. Pfleges\u00e4tze, zus\u00e4tzliche Versicherungen und Kostentr\u00e4ger, Sterbevorsorge und Angaben zu \u00c4rzten und medizinischer Versorgung sowie Angeh\u00f6rigen und Vertrauenspersonen werden erfasst und verarbeitet. Soweit angegeben, werden au\u00dferdem allf\u00e4llige zus\u00e4tzliche Informationen, die f\u00fcr die Betreuung und Versorgung relevant sind, gespeichert.<\/p>\n\n\n\n<p>Dar\u00fcber hinaus erfassen wir zu unseren Bewohner*innen Verrechnungsdaten, Gesundheitsdaten und Angaben zu Medikamenten und Pflegemitteln. Aufgrund gesetzlicher Vorgaben sind wir zur F\u00fchrung einer Pflegedokumentation verpflichtet; diese beinhaltet auch Pflegediagnosen, Abbildungen und zugeh\u00f6rige Ma\u00dfnahmen. Schlie\u00dflich werden noch Anregungen und Beschwerden sowie gegebenenfalls Notrufdaten unserer Bewohner*innen gespeichert.<\/p>\n\n\n\n<p>Zusammengefasst verarbeiten wir s\u00e4mtliche Angaben, die zur umfassenden und hochwertigen Betreuung und Pflege unserer Bewohner*innen und Erbringung der dazugeh\u00f6rigen Serviceleistungen notwendig sind.<\/p>\n\n\n\n<p>Zu unseren Gesch\u00e4ftspartnern wie insbesondere Lieferanten oder Wartungspartnern erfassen wir Namen, Kontaktdaten und Zust\u00e4ndigkeitsbereiche der Ansprechpersonen sowie die mit den jeweiligen Gesch\u00e4ftsf\u00e4llen verbundenen Korrespondenzen und Gesch\u00e4ftsdokumentationen.<\/p>\n\n\n\n<p>Jegliche Verarbeitung und Verwendung dieser Daten erfolgt ausschlie\u00dflich entsprechend den Regelungen der DSGVO und dem \u00f6sterreichischen Datenschutzgesetz (DSG) in der Fassung des Datenschutz-Anpassungsgesetzes 2018 und des Datenschutz-Deregulierungsgesetzes 2018.<\/p>\n\n\n\n<h4 class=\"wp-block-heading\">Empf\u00e4nger personenbezogener Daten<\/h4>\n\n\n\n<p>Wir geben personenbezogene Daten grunds\u00e4tzlich nur im Rahmen eines gesetzlichen oder beh\u00f6rdlichen Auftrages, einer vertraglichen Verpflichtung oder einer entsprechenden Einwilligung an Dritte weiter. Wir \u00fcbermitteln Daten, soweit das f\u00fcr diesen Zweck unbedingt erforderlich ist, an externe Kostentr\u00e4ger und F\u00f6rdergeber oder an Banken im Rahmen der Abwicklung des Zahlungsverkehrs. Sensible Daten wie insbesondere Gesundheitsdaten werden in medizinischen Notf\u00e4llen oder im Rahmen der Verlegung von Bewohner*innen ausschlie\u00dflich an andere Gesundheitsanbieter weitergegeben.<\/p>\n\n\n\n<p>Sofern wir Subunternehmen einsetzen, um unsere Leistungen bereitzustellen, ergreifen wir geeignete rechtliche Vorkehrungen sowie entsprechende technische und organisatorische Ma\u00dfnahmen, um f\u00fcr den Schutz der personenbezogenen Daten gem\u00e4\u00df den einschl\u00e4gigen gesetzlichen Vorschriften zu sorgen.<\/p>\n\n\n\n<h4 class=\"wp-block-heading\"><strong>Dauer der Datenspeicherung<\/strong><\/h4>\n\n\n\n<p>Daten, die wir ausschlie\u00dflich auf der Grundlage einer Einwilligung der betroffenen Person verarbeiten, werden bis zum Widerruf dieser Einwilligung gespeichert. Anschlie\u00dfend werden sie gel\u00f6scht, sofern wir sie nicht aus gesetzlichen Gr\u00fcnden oder zur Verteidigung unserer Rechtsanspr\u00fcche aufbewahren m\u00fcssen. Durch den Widerruf der Einwilligung wird die Rechtsm\u00e4\u00dfigkeit der bis zu diesem Zeitpunkt erfolgten Verarbeitungen nicht ber\u00fchrt.<\/p>\n\n\n\n<p>Daten zu Vertragsverh\u00e4ltnissen werden so lange gespeichert, wie das aufgrund der gesetzlichen Dokumentations- und Nachweispflichten erforderlich ist. Bei Verrechnungsdaten betr\u00e4gt diese Frist in der Regel sieben Jahre, in Ausnahmef\u00e4llen, z.B. in Streitf\u00e4llen oder bei Angaben zu Pflegeverh\u00e4ltnissen kann es auch zu einer l\u00e4ngeren Speicherdauer kommen. Bei Gesundheitsdaten k\u00f6nnen die Aufbewahrungsfristen aufgrund der gesetzlichen Bestimmungen bis zu zehn Jahren betragen.<\/p>\n\n\n\n<p>Bestimmte Daten, die wir zur Verteidigung von Rechtsanspr\u00fcchen ben\u00f6tigen, werden au\u00dferdem f\u00fcr die Dauer der gesetzlichen Verj\u00e4hrungsfristen (im Regelfall drei Jahre, in bestimmten F\u00e4llen bis zu 30 Jahre) aufbewahrt.<\/p>\n\n\n\n<h4 class=\"wp-block-heading\"><strong>Verpflichtung zur Bereitstellung personenbezogener Daten<\/strong><\/h4>\n\n\n\n<p>Sollten Daten &#8211; die zur Erf\u00fcllung unserer vertraglichen und gesetzlichen Verpflichtungen unbedingt erforderlich sind &#8211; nicht zur Verf\u00fcgung gestellt werden, kann daher kein Vertragsabschluss erfolgen oder die vertragliche Leistung nicht weiter erbracht werden.<\/p>\n\n\n\n<h4 class=\"wp-block-heading\"><strong>Automatisierte Entscheidungsfindung einschlie\u00dflich Profiling<\/strong><\/h4>\n\n\n\n<p>Verarbeitungen zur automatisierten Entscheidungsfindung oder zu Zwecken des Profiling d\u00fcrfen bzw. werden nicht eingesetzt.<\/p>\n\n\n\n<h4 class=\"wp-block-heading\"><strong>Betroffenenrechte<\/strong><\/h4>\n\n\n\n<p>Sie k\u00f6nnen jederzeit eine von Ihnen erteilte Einwilligung widerrufen und sich an die oben angegebenen Adressen wenden.<\/p>\n\n\n\n<p>Unter den oben angegebenen Adressen k\u00f6nnen Sie jederzeit Auskunft \u00fcber die zu Ihrer Person gespeicherten Daten verlangen, die Berichtigung, L\u00f6schung oder Einschr\u00e4nkung der Verarbeitung der gespeicherten Daten fordern und Ihr Recht auf Daten\u00fcbertragbarkeit gem\u00e4\u00df den datenschutzrechtlichen Bestimmungen geltend machen.<\/p>\n\n\n\n<p>Sie haben das Recht auf jederzeitigen Widerspruch gegen die Verarbeitung Ihrer Daten, soweit diese zum Zweck der Direktwerbung verwendet werden. Sofern wir Ihre Daten auf der Grundlage unserer berechtigten Interessen verarbeiten, k\u00f6nnen Sie der Verarbeitung aus Gr\u00fcnden, die sich aus Ihrer besonderen Situation ergeben, widersprechen.&nbsp; Sie haben au\u00dferdem die M\u00f6glichkeit, eine Beschwerde an die&nbsp;<a rel=\"noreferrer noopener\" href=\"http:\/\/www.dsb.gv.at\/\" target=\"_blank\">\u00d6sterreichische Datenschutzbeh\u00f6rde<\/a>&nbsp;zu richten.<\/p>\n\n\n\n<h4 class=\"wp-block-heading\"><strong>Google Analytics<\/strong><\/h4>\n\n\n\n<p>Wir setzen ausschlie\u00dflich auf Grundlage Ihrer Einwilligung \u00fcber den Cookie Banner gem\u00e4\u00df Art 6 Abs.1 lit a DSGVO Google Analytics, einen Webanalysedienst der Google LLC (\u201eGoogle\u201c) ein. Google verwendet Cookies, deren durch diese erzeugte Informationen \u00fcber Benutzung des Onlineangebotes durch die Nutzer in der Regel an einen Server von Google in den USA \u00fcbertragen und dort gespeichert werden.<\/p>\n\n\n\n<p>Die IP-Adresse der Nutzer*innen wird von Google durch die von uns aktivierte IP-Anonymisierung innerhalb von Mitgliedstaaten der Europ\u00e4ischen Union oder in anderen Vertragsstaaten des Abkommens \u00fcber den Europ\u00e4ischen Wirtschaftsraum gek\u00fcrzt. In Ausnahmef\u00e4llen kann es vorkommen, dass die volle IP-Adresse an einen Server von Google in den USA \u00fcbertragen wird und dann vor Ort gek\u00fcrzt wird.<\/p>\n\n\n\n<p>Die von dem Browser des Nutzers \u00fcbermittelte IP-Adresse wird nicht mit anderen Daten von Google zusammengef\u00fchrt.<\/p>\n\n\n\n<p>Weitere Informationen zur Datennutzung durch Google, Einstellungs- und Widerspruchsm\u00f6glichkeiten erfahren Sie auf den Webseiten von Google: https:\/\/www.google.com\/intl\/de\/policies\/privacy\/partners (\u201eDatennutzung durch Google bei Ihrer Nutzung von Websites oder Apps unserer Partner\u201c), http:\/\/www.google.com\/policies\/technologies\/ads (\u201eDatennutzung zu Werbezwecken\u201c), http:\/\/www.google.de\/settings\/ads (\u201eInformationen verwalten, die Google verwendet, um Ihnen Werbung einzublenden\u201c).<\/p>\n\n\n\n<h4 class=\"wp-block-heading\"><strong>Onlinepr\u00e4senzen in sozialen Medien<\/strong><\/h4>\n\n\n\n<p>Wir unterhalten verschiedene Onlinepr\u00e4senzen in sozialen Netzwerken und Plattformen, um dort mit interessierten Kund*innen, Interessent*innen und anderen Nutzer*innen in Austausch zu treten und sie \u00fcber unser Unternehmen, unsere Leistungen und Services zu informieren. Beim Aufruf der jeweiligen Netzwerke und Plattformen gelten die Gesch\u00e4ftsbedingungen und die Datenverarbeitungsrichtlinien des jeweiligen Betreibers. Soweit nicht anders im Rahmen unserer Datenschutzerkl\u00e4rung angegeben, verarbeiten wir die Daten der Nutzer*innen die im Rahmen der aktiven Kommunikation erzeugt und \u00fcbermittelt werden.<\/p>\n","protected":false},"excerpt":{"rendered":"<p>Es ist uns ein wichtiges Anliegen, personenbezogene Daten bei ihrer Erhebung, Verarbeitung und Nutzung zu sch\u00fctzen. Es werden alle Anstrengungen unternommen, die sichere Erfassung, \u00dcbermittlung<\/p>\n","protected":false},"author":270,"featured_media":2974,"parent":0,"menu_order":0,"comment_status":"closed","ping_status":"closed","template":"","meta":{"_acf_changed":false,"footnotes":""},"class_list":["post-2872","page","type-page","status-publish","has-post-thumbnail","hentry"],"acf":[],"yoast_head":"<!-- This site is optimized with the Yoast SEO plugin v27.4 - https:\/\/yoast.com\/product\/yoast-seo-wordpress\/ -->\n<title>Datenschutz - Pensionist*innenklubs<\/title>\n<meta name=\"robots\" content=\"index, follow, max-snippet:-1, max-image-preview:large, max-video-preview:-1\" \/>\n<link rel=\"canonical\" href=\"https:\/\/kwp.at\/pensionistenklubs\/datenschutz\/\" \/>\n<meta property=\"og:locale\" content=\"de_DE\" \/>\n<meta property=\"og:type\" content=\"article\" \/>\n<meta property=\"og:title\" content=\"Datenschutz - Pensionist*innenklubs\" \/>\n<meta property=\"og:description\" content=\"Es ist uns ein wichtiges Anliegen, personenbezogene Daten bei ihrer Erhebung, Verarbeitung und Nutzung zu sch\u00fctzen. Es werden alle Anstrengungen unternommen, die sichere Erfassung, \u00dcbermittlung\" \/>\n<meta property=\"og:url\" content=\"https:\/\/kwp.at\/pensionistenklubs\/datenschutz\/\" \/>\n<meta property=\"og:site_name\" content=\"Pensionist*innenklubs\" \/>\n<meta property=\"article:modified_time\" content=\"2025-12-02T14:50:02+00:00\" \/>\n<meta property=\"og:image\" content=\"https:\/\/kwp.at\/pensionistenklubs\/wp-content\/uploads\/sites\/2\/2020\/10\/header_fragenundantworten.jpg\" \/>\n\t<meta property=\"og:image:width\" content=\"2560\" \/>\n\t<meta property=\"og:image:height\" content=\"1520\" \/>\n\t<meta property=\"og:image:type\" content=\"image\/jpeg\" \/>\n<meta name=\"twitter:card\" content=\"summary_large_image\" \/>\n<meta name=\"twitter:label1\" content=\"Gesch\u00e4tzte Lesezeit\" \/>\n\t<meta name=\"twitter:data1\" content=\"8\u00a0Minuten\" \/>\n<script type=\"application\/ld+json\" class=\"yoast-schema-graph\">{\"@context\":\"https:\\\/\\\/schema.org\",\"@graph\":[{\"@type\":\"WebPage\",\"@id\":\"https:\\\/\\\/kwp.at\\\/pensionistenklubs\\\/datenschutz\\\/\",\"url\":\"https:\\\/\\\/kwp.at\\\/pensionistenklubs\\\/datenschutz\\\/\",\"name\":\"Datenschutz - Pensionist*innenklubs\",\"isPartOf\":{\"@id\":\"https:\\\/\\\/kwp.at\\\/pensionistenklubs\\\/#website\"},\"primaryImageOfPage\":{\"@id\":\"https:\\\/\\\/kwp.at\\\/pensionistenklubs\\\/datenschutz\\\/#primaryimage\"},\"image\":{\"@id\":\"https:\\\/\\\/kwp.at\\\/pensionistenklubs\\\/datenschutz\\\/#primaryimage\"},\"thumbnailUrl\":\"https:\\\/\\\/kwp.at\\\/pensionistenklubs\\\/wp-content\\\/uploads\\\/sites\\\/2\\\/2020\\\/10\\\/header_fragenundantworten.jpg\",\"datePublished\":\"2020-10-28T09:50:03+00:00\",\"dateModified\":\"2025-12-02T14:50:02+00:00\",\"inLanguage\":\"de\",\"potentialAction\":[{\"@type\":\"ReadAction\",\"target\":[\"https:\\\/\\\/kwp.at\\\/pensionistenklubs\\\/datenschutz\\\/\"]}]},{\"@type\":\"ImageObject\",\"inLanguage\":\"de\",\"@id\":\"https:\\\/\\\/kwp.at\\\/pensionistenklubs\\\/datenschutz\\\/#primaryimage\",\"url\":\"https:\\\/\\\/kwp.at\\\/pensionistenklubs\\\/wp-content\\\/uploads\\\/sites\\\/2\\\/2020\\\/10\\\/header_fragenundantworten.jpg\",\"contentUrl\":\"https:\\\/\\\/kwp.at\\\/pensionistenklubs\\\/wp-content\\\/uploads\\\/sites\\\/2\\\/2020\\\/10\\\/header_fragenundantworten.jpg\",\"width\":2560,\"height\":1520,\"caption\":\"Eine sitzende Dame schaut ernst in die Kamera.\"},{\"@type\":\"WebSite\",\"@id\":\"https:\\\/\\\/kwp.at\\\/pensionistenklubs\\\/#website\",\"url\":\"https:\\\/\\\/kwp.at\\\/pensionistenklubs\\\/\",\"name\":\"Pensionist*innenklubs\",\"description\":\"F\u00fcr die Stadt Wien\",\"publisher\":{\"@id\":\"https:\\\/\\\/kwp.at\\\/pensionistenklubs\\\/#organization\"},\"potentialAction\":[{\"@type\":\"SearchAction\",\"target\":{\"@type\":\"EntryPoint\",\"urlTemplate\":\"https:\\\/\\\/kwp.at\\\/pensionistenklubs\\\/?s={search_term_string}\"},\"query-input\":{\"@type\":\"PropertyValueSpecification\",\"valueRequired\":true,\"valueName\":\"search_term_string\"}}],\"inLanguage\":\"de\"},{\"@type\":\"Organization\",\"@id\":\"https:\\\/\\\/kwp.at\\\/pensionistenklubs\\\/#organization\",\"name\":\"PensionistInnenklubs f\u00fcr die Stadt Wien\",\"url\":\"https:\\\/\\\/kwp.at\\\/pensionistenklubs\\\/\",\"logo\":{\"@type\":\"ImageObject\",\"inLanguage\":\"de\",\"@id\":\"https:\\\/\\\/kwp.at\\\/pensionistenklubs\\\/#\\\/schema\\\/logo\\\/image\\\/\",\"url\":\"https:\\\/\\\/kwp.at\\\/pensionistenklubs\\\/wp-content\\\/uploads\\\/sites\\\/2\\\/2022\\\/08\\\/Logo-Pensionistenklubs-scaled-1.jpeg\",\"contentUrl\":\"https:\\\/\\\/kwp.at\\\/pensionistenklubs\\\/wp-content\\\/uploads\\\/sites\\\/2\\\/2022\\\/08\\\/Logo-Pensionistenklubs-scaled-1.jpeg\",\"width\":2560,\"height\":610,\"caption\":\"PensionistInnenklubs f\u00fcr die Stadt Wien\"},\"image\":{\"@id\":\"https:\\\/\\\/kwp.at\\\/pensionistenklubs\\\/#\\\/schema\\\/logo\\\/image\\\/\"}}]}<\/script>\n<!-- \/ Yoast SEO plugin. -->","yoast_head_json":{"title":"Datenschutz - Pensionist*innenklubs","robots":{"index":"index","follow":"follow","max-snippet":"max-snippet:-1","max-image-preview":"max-image-preview:large","max-video-preview":"max-video-preview:-1"},"canonical":"https:\/\/kwp.at\/pensionistenklubs\/datenschutz\/","og_locale":"de_DE","og_type":"article","og_title":"Datenschutz - Pensionist*innenklubs","og_description":"Es ist uns ein wichtiges Anliegen, personenbezogene Daten bei ihrer Erhebung, Verarbeitung und Nutzung zu sch\u00fctzen. Es werden alle Anstrengungen unternommen, die sichere Erfassung, \u00dcbermittlung","og_url":"https:\/\/kwp.at\/pensionistenklubs\/datenschutz\/","og_site_name":"Pensionist*innenklubs","article_modified_time":"2025-12-02T14:50:02+00:00","og_image":[{"width":2560,"height":1520,"url":"https:\/\/kwp.at\/pensionistenklubs\/wp-content\/uploads\/sites\/2\/2020\/10\/header_fragenundantworten.jpg","type":"image\/jpeg"}],"twitter_card":"summary_large_image","twitter_misc":{"Gesch\u00e4tzte Lesezeit":"8\u00a0Minuten"},"schema":{"@context":"https:\/\/schema.org","@graph":[{"@type":"WebPage","@id":"https:\/\/kwp.at\/pensionistenklubs\/datenschutz\/","url":"https:\/\/kwp.at\/pensionistenklubs\/datenschutz\/","name":"Datenschutz - Pensionist*innenklubs","isPartOf":{"@id":"https:\/\/kwp.at\/pensionistenklubs\/#website"},"primaryImageOfPage":{"@id":"https:\/\/kwp.at\/pensionistenklubs\/datenschutz\/#primaryimage"},"image":{"@id":"https:\/\/kwp.at\/pensionistenklubs\/datenschutz\/#primaryimage"},"thumbnailUrl":"https:\/\/kwp.at\/pensionistenklubs\/wp-content\/uploads\/sites\/2\/2020\/10\/header_fragenundantworten.jpg","datePublished":"2020-10-28T09:50:03+00:00","dateModified":"2025-12-02T14:50:02+00:00","inLanguage":"de","potentialAction":[{"@type":"ReadAction","target":["https:\/\/kwp.at\/pensionistenklubs\/datenschutz\/"]}]},{"@type":"ImageObject","inLanguage":"de","@id":"https:\/\/kwp.at\/pensionistenklubs\/datenschutz\/#primaryimage","url":"https:\/\/kwp.at\/pensionistenklubs\/wp-content\/uploads\/sites\/2\/2020\/10\/header_fragenundantworten.jpg","contentUrl":"https:\/\/kwp.at\/pensionistenklubs\/wp-content\/uploads\/sites\/2\/2020\/10\/header_fragenundantworten.jpg","width":2560,"height":1520,"caption":"Eine sitzende Dame schaut ernst in die Kamera."},{"@type":"WebSite","@id":"https:\/\/kwp.at\/pensionistenklubs\/#website","url":"https:\/\/kwp.at\/pensionistenklubs\/","name":"Pensionist*innenklubs","description":"F\u00fcr die Stadt Wien","publisher":{"@id":"https:\/\/kwp.at\/pensionistenklubs\/#organization"},"potentialAction":[{"@type":"SearchAction","target":{"@type":"EntryPoint","urlTemplate":"https:\/\/kwp.at\/pensionistenklubs\/?s={search_term_string}"},"query-input":{"@type":"PropertyValueSpecification","valueRequired":true,"valueName":"search_term_string"}}],"inLanguage":"de"},{"@type":"Organization","@id":"https:\/\/kwp.at\/pensionistenklubs\/#organization","name":"PensionistInnenklubs f\u00fcr die Stadt Wien","url":"https:\/\/kwp.at\/pensionistenklubs\/","logo":{"@type":"ImageObject","inLanguage":"de","@id":"https:\/\/kwp.at\/pensionistenklubs\/#\/schema\/logo\/image\/","url":"https:\/\/kwp.at\/pensionistenklubs\/wp-content\/uploads\/sites\/2\/2022\/08\/Logo-Pensionistenklubs-scaled-1.jpeg","contentUrl":"https:\/\/kwp.at\/pensionistenklubs\/wp-content\/uploads\/sites\/2\/2022\/08\/Logo-Pensionistenklubs-scaled-1.jpeg","width":2560,"height":610,"caption":"PensionistInnenklubs f\u00fcr die Stadt Wien"},"image":{"@id":"https:\/\/kwp.at\/pensionistenklubs\/#\/schema\/logo\/image\/"}}]}},"_links":{"self":[{"href":"https:\/\/kwp.at\/pensionistenklubs\/wp-json\/wp\/v2\/pages\/2872","targetHints":{"allow":["GET"]}}],"collection":[{"href":"https:\/\/kwp.at\/pensionistenklubs\/wp-json\/wp\/v2\/pages"}],"about":[{"href":"https:\/\/kwp.at\/pensionistenklubs\/wp-json\/wp\/v2\/types\/page"}],"author":[{"embeddable":true,"href":"https:\/\/kwp.at\/pensionistenklubs\/wp-json\/wp\/v2\/users\/270"}],"replies":[{"embeddable":true,"href":"https:\/\/kwp.at\/pensionistenklubs\/wp-json\/wp\/v2\/comments?post=2872"}],"version-history":[{"count":10,"href":"https:\/\/kwp.at\/pensionistenklubs\/wp-json\/wp\/v2\/pages\/2872\/revisions"}],"predecessor-version":[{"id":20322,"href":"https:\/\/kwp.at\/pensionistenklubs\/wp-json\/wp\/v2\/pages\/2872\/revisions\/20322"}],"wp:featuredmedia":[{"embeddable":true,"href":"https:\/\/kwp.at\/pensionistenklubs\/wp-json\/wp\/v2\/media\/2974"}],"wp:attachment":[{"href":"https:\/\/kwp.at\/pensionistenklubs\/wp-json\/wp\/v2\/media?parent=2872"}],"curies":[{"name":"wp","href":"https:\/\/api.w.org\/{rel}","templated":true}]}}